{"id":624,"date":"2014-05-02T17:49:45","date_gmt":"2014-05-02T15:49:45","guid":{"rendered":"http:\/\/54112759.swh.strato-hosting.eu\/?page_id=624"},"modified":"2023-11-12T17:19:29","modified_gmt":"2023-11-12T15:19:29","slug":"prinzenpaar","status":"publish","type":"page","link":"https:\/\/www.bennunger-kc.de\/?page_id=624","title":{"rendered":"Prinzenpaare"},"content":{"rendered":"\n<p>Eine Tradition des BKC ist die Regentschaft unseres Prinzenpaares innerhalb einer<br>Session. In unserer langj\u00e4hrigen Geschichte gaben sich mittlerweile schon viele Tollit\u00e4ten die Ehre.<\/p>\n\n\n\n<p>An dieser Stelle soll unserer bisherigen Prinzenpaare erinnert werden, die uns w\u00e4hrend<br>ihrer Amtszeiten so bravour\u00f6s unterst\u00fctzt haben:<\/p>\n\n\n\n<figure class=\"wp-block-table aligncenter Prinzenpaare is-style-stripes\"><table><thead><tr><th>Prinzenpaar<\/th><th>Session<\/th><th class=\"has-text-align-center\" data-align=\"center\">&nbsp;<\/th><\/tr><\/thead><tbody><tr><td>Alexander I. &amp; Sophie I.<\/td><td>2023\/24<\/td><td class=\"has-text-align-center\" data-align=\"center\">(Bild folgt)<\/td><\/tr><tr><td>Thomas I. &amp; Heike I.<\/td><td>2022\/23<\/td><td class=\"has-text-align-center\" data-align=\"center\"><img decoding=\"async\" loading=\"lazy\" width=\"1920\" height=\"2560\" class=\"wp-image-7795\" style=\"width: 150px;\" src=\"https:\/\/www.bennunger-kc.de\/wp-content\/uploads\/2023\/11\/Bennungen-36-von-88-scaled.jpg\" alt=\"\" srcset=\"https:\/\/www.bennunger-kc.de\/wp-content\/uploads\/2023\/11\/Bennungen-36-von-88-scaled.jpg 1920w, https:\/\/www.bennunger-kc.de\/wp-content\/uploads\/2023\/11\/Bennungen-36-von-88-225x300.jpg 225w, https:\/\/www.bennunger-kc.de\/wp-content\/uploads\/2023\/11\/Bennungen-36-von-88-768x1024.jpg 768w, https:\/\/www.bennunger-kc.de\/wp-content\/uploads\/2023\/11\/Bennungen-36-von-88-1152x1536.jpg 1152w, https:\/\/www.bennunger-kc.de\/wp-content\/uploads\/2023\/11\/Bennungen-36-von-88-1536x2048.jpg 1536w\" sizes=\"(max-width: 767px) 89vw, (max-width: 1000px) 54vw, (max-width: 1071px) 543px, 580px\" \/><\/td><\/tr><tr><td>Marcus I. &amp; Anja II.<\/td><td>2019\/20, 2020\/21, 2021\/22<\/td><td class=\"has-text-align-center\" data-align=\"center\"><img decoding=\"async\" loading=\"lazy\" width=\"1200\" height=\"1600\" class=\"wp-image-7679\" style=\"width: 150px;\" src=\"http:\/\/www.bennunger-kc.de\/wp-content\/uploads\/2020\/10\/WhatsApp-Image-2020-10-22-at-13.19.17-1.jpeg\" alt=\"\" srcset=\"https:\/\/www.bennunger-kc.de\/wp-content\/uploads\/2020\/10\/WhatsApp-Image-2020-10-22-at-13.19.17-1.jpeg 1200w, https:\/\/www.bennunger-kc.de\/wp-content\/uploads\/2020\/10\/WhatsApp-Image-2020-10-22-at-13.19.17-1-225x300.jpeg 225w, https:\/\/www.bennunger-kc.de\/wp-content\/uploads\/2020\/10\/WhatsApp-Image-2020-10-22-at-13.19.17-1-768x1024.jpeg 768w, https:\/\/www.bennunger-kc.de\/wp-content\/uploads\/2020\/10\/WhatsApp-Image-2020-10-22-at-13.19.17-1-1152x1536.jpeg 1152w\" sizes=\"(max-width: 767px) 89vw, (max-width: 1000px) 54vw, (max-width: 1071px) 543px, 580px\" \/><\/td><\/tr><tr><td>Nino I. &amp; Nathalie I.<\/td><td>2018\/19<\/td><td class=\"has-text-align-center\" data-align=\"center\">&nbsp;<figure><figure><figure><figure><a href=\"http:\/\/www.bennunger-kc.de\/wp-content\/uploads\/2014\/05\/x.jpeg\"><img decoding=\"async\" loading=\"lazy\" width=\"194\" height=\"300\" class=\"alignnone size-medium wp-image-6301\" src=\"http:\/\/www.bennunger-kc.de\/wp-content\/uploads\/2014\/05\/x-194x300.jpeg\" alt=\"x\" style=\"width: 150px;\" srcset=\"https:\/\/www.bennunger-kc.de\/wp-content\/uploads\/2014\/05\/x-194x300.jpeg 194w, https:\/\/www.bennunger-kc.de\/wp-content\/uploads\/2014\/05\/x.jpeg 257w\" sizes=\"(max-width: 194px) 100vw, 194px\" \/><\/a><\/figure><\/figure><\/figure><\/figure><\/td><\/tr><tr><td>Robert I. &amp; Sarah I.<\/td><td>2017\/18<\/td><td class=\"has-text-align-center\" data-align=\"center\"><figure><figure><figure><figure><a href=\"http:\/\/www.bennunger-kc.de\/wp-content\/uploads\/2014\/05\/WhatsApp-Image-2018-01-14-at-13.44.41.jpeg\"><img decoding=\"async\" loading=\"lazy\" width=\"768\" height=\"1024\" class=\"alignnone wp-image-3489\" src=\"http:\/\/www.bennunger-kc.de\/wp-content\/uploads\/2014\/05\/WhatsApp-Image-2018-01-14-at-13.44.41-768x1024.jpeg\" alt=\"Robert I. &amp; Sarah I.\" style=\"width: 150px;\" srcset=\"https:\/\/www.bennunger-kc.de\/wp-content\/uploads\/2014\/05\/WhatsApp-Image-2018-01-14-at-13.44.41-768x1024.jpeg 768w, https:\/\/www.bennunger-kc.de\/wp-content\/uploads\/2014\/05\/WhatsApp-Image-2018-01-14-at-13.44.41-225x300.jpeg 225w, https:\/\/www.bennunger-kc.de\/wp-content\/uploads\/2014\/05\/WhatsApp-Image-2018-01-14-at-13.44.41.jpeg 960w\" sizes=\"(max-width: 767px) 89vw, (max-width: 1000px) 54vw, (max-width: 1071px) 543px, 580px\" \/><\/a><\/figure><\/figure><\/figure><\/figure><\/td><\/tr><tr><td>Ren\u00e9 I. &amp; Doreen I.<\/td><td>2016\/17<\/td><td class=\"has-text-align-center\" data-align=\"center\">Leider kein Foto<\/td><\/tr><tr><td><strong>Christian II. &amp; Katrin I.<\/strong><\/td><td><strong>Landesprinzenpaar 2016\/17<\/strong><\/td><td class=\"has-text-align-center\" data-align=\"center\"><figure><figure><figure><figure><a href=\"http:\/\/www.bennunger-kc.de\/wp-content\/uploads\/2014\/05\/16998912_685021261670222_518941273786039051_n.jpg\"><img decoding=\"async\" loading=\"lazy\" class=\"alignnone wp-image-3445\" src=\"http:\/\/www.bennunger-kc.de\/wp-content\/uploads\/2014\/05\/16998912_685021261670222_518941273786039051_n-300x300.jpg\" alt=\"Landesprinzenpaar 2016\/17\" width=\"220\" height=\"220\" srcset=\"https:\/\/www.bennunger-kc.de\/wp-content\/uploads\/2014\/05\/16998912_685021261670222_518941273786039051_n-300x300.jpg 300w, https:\/\/www.bennunger-kc.de\/wp-content\/uploads\/2014\/05\/16998912_685021261670222_518941273786039051_n-150x150.jpg 150w, https:\/\/www.bennunger-kc.de\/wp-content\/uploads\/2014\/05\/16998912_685021261670222_518941273786039051_n-144x144.jpg 144w, https:\/\/www.bennunger-kc.de\/wp-content\/uploads\/2014\/05\/16998912_685021261670222_518941273786039051_n.jpg 557w\" sizes=\"(max-width: 220px) 100vw, 220px\" \/><\/a><\/figure><\/figure><\/figure><\/figure><br>Foto: Peter Eichardt<\/td><\/tr><tr><td>Christian II. &amp; Katrin I.<\/td><td>2015\/16<\/td><td class=\"has-text-align-center\" data-align=\"center\"><figure><figure><figure><figure><a href=\"http:\/\/www.bennunger-kc.de\/wp-content\/uploads\/2014\/05\/IMG-20160117-WA0048.jpg\"><img decoding=\"async\" loading=\"lazy\" class=\"alignnone size-medium wp-image-2203\" src=\"http:\/\/www.bennunger-kc.de\/wp-content\/uploads\/2014\/05\/IMG-20160117-WA0048-225x300.jpg\" alt=\"IMG-20160117-WA0048\" width=\"225\" height=\"300\" srcset=\"https:\/\/www.bennunger-kc.de\/wp-content\/uploads\/2014\/05\/IMG-20160117-WA0048-225x300.jpg 225w, https:\/\/www.bennunger-kc.de\/wp-content\/uploads\/2014\/05\/IMG-20160117-WA0048-768x1024.jpg 768w, https:\/\/www.bennunger-kc.de\/wp-content\/uploads\/2014\/05\/IMG-20160117-WA0048-900x1200.jpg 900w, https:\/\/www.bennunger-kc.de\/wp-content\/uploads\/2014\/05\/IMG-20160117-WA0048.jpg 1200w\" sizes=\"(max-width: 225px) 100vw, 225px\" \/><\/a><\/figure><\/figure><\/figure><\/figure><\/td><\/tr><tr><td>Christian I. &amp; Nadja I.<\/td><td>2014\/15<\/td><td class=\"has-text-align-center\" data-align=\"center\"><figure><figure><figure><figure><a href=\"http:\/\/www.bennunger-kc.de\/wp-content\/uploads\/2014\/05\/Christian_Nadja.jpg\"><img decoding=\"async\" loading=\"lazy\" class=\"alignnone size-medium wp-image-2181\" src=\"http:\/\/www.bennunger-kc.de\/wp-content\/uploads\/2014\/05\/Christian_Nadja-200x300.jpg\" alt=\"Christian_Nadja\" width=\"200\" height=\"300\" srcset=\"https:\/\/www.bennunger-kc.de\/wp-content\/uploads\/2014\/05\/Christian_Nadja-200x300.jpg 200w, https:\/\/www.bennunger-kc.de\/wp-content\/uploads\/2014\/05\/Christian_Nadja-681x1024.jpg 681w, https:\/\/www.bennunger-kc.de\/wp-content\/uploads\/2014\/05\/Christian_Nadja.jpg 1288w\" sizes=\"(max-width: 200px) 100vw, 200px\" \/><\/a><\/figure><\/figure><\/figure><\/figure><\/td><\/tr><tr><td>Nico I. &amp; Josephine I.<\/td><td>2012\/13<br>2013\/14<\/td><td class=\"has-text-align-center\" data-align=\"center\"><figure><figure><figure><figure><a href=\"http:\/\/54112759.swh.strato-hosting.eu\/wp-content\/uploads\/2014\/05\/IMG_6312.png\"><img decoding=\"async\" loading=\"lazy\" class=\"alignnone size-medium wp-image-628\" src=\"http:\/\/54112759.swh.strato-hosting.eu\/wp-content\/uploads\/2014\/05\/IMG_6312-222x300.png\" alt=\"IMG_6312\" width=\"222\" height=\"300\" srcset=\"https:\/\/www.bennunger-kc.de\/wp-content\/uploads\/2014\/05\/IMG_6312-222x300.png 222w, https:\/\/www.bennunger-kc.de\/wp-content\/uploads\/2014\/05\/IMG_6312-760x1024.png 760w, https:\/\/www.bennunger-kc.de\/wp-content\/uploads\/2014\/05\/IMG_6312.png 1232w\" sizes=\"(max-width: 222px) 100vw, 222px\" \/><\/a><\/figure><\/figure><\/figure><\/figure><\/td><\/tr><tr><td>Uwe I. &amp; Jana II.<\/td><td>2010\/11<br>2011\/12<\/td><td class=\"has-text-align-center\" data-align=\"center\"><figure><figure><figure><figure><a href=\"http:\/\/54112759.swh.strato-hosting.eu\/wp-content\/uploads\/2014\/05\/pp_2010-11.png\"><img decoding=\"async\" loading=\"lazy\" class=\"alignnone wp-image-626\" src=\"http:\/\/54112759.swh.strato-hosting.eu\/wp-content\/uploads\/2014\/05\/pp_2010-11.png\" alt=\"pp_2010-11\" width=\"222\" height=\"197\"><\/a><\/figure><\/figure><\/figure><\/figure><\/td><\/tr><tr><td>Steven I. &amp; Judith II.<\/td><td>2009\/10<br>2008\/09<\/td><td class=\"has-text-align-center\" data-align=\"center\"><figure><figure><figure><figure><a href=\"http:\/\/54112759.swh.strato-hosting.eu\/wp-content\/uploads\/2014\/05\/pp_blofrisch.jpg\"><img decoding=\"async\" loading=\"lazy\" class=\"alignnone size-medium wp-image-625\" src=\"http:\/\/54112759.swh.strato-hosting.eu\/wp-content\/uploads\/2014\/05\/pp_blofrisch-191x300.jpg\" alt=\"pp_blofrisch\" width=\"191\" height=\"300\" srcset=\"https:\/\/www.bennunger-kc.de\/wp-content\/uploads\/2014\/05\/pp_blofrisch-191x300.jpg 191w, https:\/\/www.bennunger-kc.de\/wp-content\/uploads\/2014\/05\/pp_blofrisch.jpg 300w\" sizes=\"(max-width: 191px) 100vw, 191px\" \/><\/a><\/figure><\/figure><\/figure><\/figure><\/td><\/tr><tr><td>Andreas I. &amp; Nicole I.<\/td><td>2007\/08<br>2006\/07<br>2005\/06<\/td><td class=\"has-text-align-center\" data-align=\"center\"><figure><figure><figure><figure><a href=\"http:\/\/54112759.swh.strato-hosting.eu\/wp-content\/uploads\/2014\/05\/pp_starkes.png\"><img decoding=\"async\" loading=\"lazy\" class=\"alignnone wp-image-627\" src=\"http:\/\/54112759.swh.strato-hosting.eu\/wp-content\/uploads\/2014\/05\/pp_starkes.png\" alt=\"pp_starkes\" width=\"196\" height=\"138\"><\/a><\/figure><\/figure><\/figure><\/figure><\/td><\/tr><tr><td>Hansi I. &amp; Kerstin I.<\/td><td>2004\/05<\/td><td class=\"has-text-align-center\" data-align=\"center\">Leider kein Foto.<\/td><\/tr><tr><td>Judith I. &amp; Michael I.<\/td><td>2003\/04<\/td><td class=\"has-text-align-center\" data-align=\"center\">Leider kein Foto.<\/td><\/tr><tr><td>Heiko I. &amp; Rosel I.<\/td><td>2002\/03<\/td><td class=\"has-text-align-center\" data-align=\"center\">Leider kein Foto.<\/td><\/tr><tr><td>Gerd I. &amp; Britta I.<\/td><td>2001\/02<\/td><td class=\"has-text-align-center\" data-align=\"center\">Leider kein Foto.<\/td><\/tr><tr><td>Mike II. (&#x271d;) &amp; Diana I.<\/td><td>2000\/01<br>1999\/2000<br>1998\/99<\/td><td class=\"has-text-align-center\" data-align=\"center\">Leider kein Foto.<\/td><\/tr><tr><td>Unbekannt<\/td><td>1997\/98<\/td><td class=\"has-text-align-center\" data-align=\"center\">Leider kein Foto.<\/td><\/tr><tr><td>Detlef II. &amp; Jana I.<\/td><td>1996\/97<\/td><td class=\"has-text-align-center\" data-align=\"center\">Leider kein Foto.<\/td><\/tr><tr><td>Mike I. &amp; Daniela I.<\/td><td>1995\/96<br>1994\/95<\/td><td class=\"has-text-align-center\" data-align=\"center\">Leider kein Foto.<\/td><\/tr><tr><td>Daniel I. &amp; Matelen I.<\/td><td>1993\/94<\/td><td class=\"has-text-align-center\" data-align=\"center\">Leider kein Foto.<\/td><\/tr><tr><td>Detlef I. &amp; Silke I.<\/td><td>1992\/93<br>1991\/92<\/td><td class=\"has-text-align-center\" data-align=\"center\">Leider kein Foto.<\/td><\/tr><tr><td>Silvio I. &amp; Grit I.<\/td><td>1990\/91<\/td><td class=\"has-text-align-center\" data-align=\"center\">Leider kein Foto.<\/td><\/tr><tr><td>Henning I. &amp; Anja I.<\/td><td>1989\/90<\/td><td class=\"has-text-align-center\" data-align=\"center\">Leider kein Foto.<\/td><\/tr><tr><td>Uwe II. &amp; Simone I.<\/td><td>1988\/89<\/td><td class=\"has-text-align-center\" data-align=\"center\">Leider kein Foto.<\/td><\/tr><tr><td>Silvio I. &amp; Grit I.<\/td><td>1987\/88<br>1986\/87<\/td><td class=\"has-text-align-center\" data-align=\"center\">Leider kein Foto.<\/td><\/tr><tr><td>Uwe I. &amp; Petra I.<\/td><td>1985\/86<\/td><td class=\"has-text-align-center\" data-align=\"center\">Leider kein Foto.<\/td><\/tr><tr><td>Dietmar I. &amp; Karin I.<\/td><td>1984\/85<\/td><td class=\"has-text-align-center\" data-align=\"center\">Leider kein Foto.<\/td><\/tr><tr><td>Gerald I. &amp; Corinna I.<\/td><td>1983\/84<br>1982\/83<\/td><td class=\"has-text-align-center\" data-align=\"center\">Leider kein Foto.<\/td><\/tr><tr><td>Gunter I. &amp; Rosi I.<\/td><td>1981\/82<\/td><td class=\"has-text-align-center\" data-align=\"center\">Leider kein Foto.<\/td><\/tr><\/tbody><\/table><\/figure>\n","protected":false},"excerpt":{"rendered":"<p>Eine Tradition des BKC ist die Regentschaft unseres Prinzenpaares innerhalb einerSession. In unserer langj\u00e4hrigen Geschichte gaben sich mittlerweile schon viele Tollit\u00e4ten die Ehre. An dieser Stelle soll unserer bisherigen Prinzenpaare erinnert werden, die uns w\u00e4hrendihrer Amtszeiten so bravour\u00f6s unterst\u00fctzt haben: Prinzenpaar Session &nbsp; Alexander I. &amp; Sophie I. 2023\/24 (Bild folgt) Thomas I. &amp; Heike &hellip; <\/p>\n<p class=\"link-more\"><a href=\"https:\/\/www.bennunger-kc.de\/?page_id=624\" class=\"more-link\"><span class=\"screen-reader-text\">\u201ePrinzenpaare\u201c<\/span> weiterlesen<\/a><\/p>\n","protected":false},"author":1,"featured_media":0,"parent":7,"menu_order":20,"comment_status":"open","ping_status":"open","template":"","meta":{"ngg_post_thumbnail":0},"yoast_head":"<!-- This site is optimized with the Yoast SEO plugin v19.14 - https:\/\/yoast.com\/wordpress\/plugins\/seo\/ -->\n<title>Prinzenpaare - Bennunger Karneval Club<\/title>\n<meta name=\"robots\" content=\"index, follow, max-snippet:-1, max-image-preview:large, max-video-preview:-1\" \/>\n<link rel=\"canonical\" href=\"https:\/\/www.bennunger-kc.de\/?page_id=624\" \/>\n<meta property=\"og:locale\" content=\"de_DE\" \/>\n<meta property=\"og:type\" content=\"article\" \/>\n<meta property=\"og:title\" content=\"Prinzenpaare - Bennunger Karneval Club\" \/>\n<meta property=\"og:description\" content=\"Eine Tradition des BKC ist die Regentschaft unseres Prinzenpaares innerhalb einerSession. In unserer langj\u00e4hrigen Geschichte gaben sich mittlerweile schon viele Tollit\u00e4ten die Ehre. An dieser Stelle soll unserer bisherigen Prinzenpaare erinnert werden, die uns w\u00e4hrendihrer Amtszeiten so bravour\u00f6s unterst\u00fctzt haben: Prinzenpaar Session &nbsp; Alexander I. &amp; Sophie I. 2023\/24 (Bild folgt) Thomas I. &amp; Heike &hellip; \u201ePrinzenpaare\u201c weiterlesen\" \/>\n<meta property=\"og:url\" content=\"https:\/\/www.bennunger-kc.de\/?page_id=624\" \/>\n<meta property=\"og:site_name\" content=\"Bennunger Karneval Club\" \/>\n<meta property=\"article:modified_time\" content=\"2023-11-12T15:19:29+00:00\" \/>\n<meta property=\"og:image\" content=\"https:\/\/www.bennunger-kc.de\/wp-content\/uploads\/2023\/11\/Bennungen-36-von-88-scaled.jpg\" \/>\n<meta name=\"twitter:label1\" content=\"Gesch\u00e4tzte Lesezeit\" \/>\n\t<meta name=\"twitter:data1\" content=\"4\u00a0Minuten\" \/>\n<script type=\"application\/ld+json\" class=\"yoast-schema-graph\">{\"@context\":\"https:\/\/schema.org\",\"@graph\":[{\"@type\":\"WebPage\",\"@id\":\"https:\/\/www.bennunger-kc.de\/?page_id=624\",\"url\":\"https:\/\/www.bennunger-kc.de\/?page_id=624\",\"name\":\"Prinzenpaare - Bennunger Karneval Club\",\"isPartOf\":{\"@id\":\"https:\/\/www.bennunger-kc.de\/#website\"},\"datePublished\":\"2014-05-02T15:49:45+00:00\",\"dateModified\":\"2023-11-12T15:19:29+00:00\",\"breadcrumb\":{\"@id\":\"https:\/\/www.bennunger-kc.de\/?page_id=624#breadcrumb\"},\"inLanguage\":\"de\",\"potentialAction\":[{\"@type\":\"ReadAction\",\"target\":[\"https:\/\/www.bennunger-kc.de\/?page_id=624\"]}]},{\"@type\":\"BreadcrumbList\",\"@id\":\"https:\/\/www.bennunger-kc.de\/?page_id=624#breadcrumb\",\"itemListElement\":[{\"@type\":\"ListItem\",\"position\":1,\"name\":\"Home\",\"item\":\"https:\/\/www.bennunger-kc.de\/\"},{\"@type\":\"ListItem\",\"position\":2,\"name\":\"Verein\",\"item\":\"https:\/\/www.bennunger-kc.de\/?page_id=7\"},{\"@type\":\"ListItem\",\"position\":3,\"name\":\"Prinzenpaare\"}]},{\"@type\":\"WebSite\",\"@id\":\"https:\/\/www.bennunger-kc.de\/#website\",\"url\":\"https:\/\/www.bennunger-kc.de\/\",\"name\":\"Bennunger Karneval Club\",\"description\":\"\",\"potentialAction\":[{\"@type\":\"SearchAction\",\"target\":{\"@type\":\"EntryPoint\",\"urlTemplate\":\"https:\/\/www.bennunger-kc.de\/?s={search_term_string}\"},\"query-input\":\"required name=search_term_string\"}],\"inLanguage\":\"de\"}]}<\/script>\n<!-- \/ Yoast SEO plugin. -->","yoast_head_json":{"title":"Prinzenpaare - Bennunger Karneval Club","robots":{"index":"index","follow":"follow","max-snippet":"max-snippet:-1","max-image-preview":"max-image-preview:large","max-video-preview":"max-video-preview:-1"},"canonical":"https:\/\/www.bennunger-kc.de\/?page_id=624","og_locale":"de_DE","og_type":"article","og_title":"Prinzenpaare - Bennunger Karneval Club","og_description":"Eine Tradition des BKC ist die Regentschaft unseres Prinzenpaares innerhalb einerSession. In unserer langj\u00e4hrigen Geschichte gaben sich mittlerweile schon viele Tollit\u00e4ten die Ehre. An dieser Stelle soll unserer bisherigen Prinzenpaare erinnert werden, die uns w\u00e4hrendihrer Amtszeiten so bravour\u00f6s unterst\u00fctzt haben: Prinzenpaar Session &nbsp; Alexander I. &amp; Sophie I. 2023\/24 (Bild folgt) Thomas I. &amp; Heike &hellip; \u201ePrinzenpaare\u201c weiterlesen","og_url":"https:\/\/www.bennunger-kc.de\/?page_id=624","og_site_name":"Bennunger Karneval Club","article_modified_time":"2023-11-12T15:19:29+00:00","og_image":[{"url":"https:\/\/www.bennunger-kc.de\/wp-content\/uploads\/2023\/11\/Bennungen-36-von-88-scaled.jpg"}],"twitter_misc":{"Gesch\u00e4tzte Lesezeit":"4\u00a0Minuten"},"schema":{"@context":"https:\/\/schema.org","@graph":[{"@type":"WebPage","@id":"https:\/\/www.bennunger-kc.de\/?page_id=624","url":"https:\/\/www.bennunger-kc.de\/?page_id=624","name":"Prinzenpaare - Bennunger Karneval Club","isPartOf":{"@id":"https:\/\/www.bennunger-kc.de\/#website"},"datePublished":"2014-05-02T15:49:45+00:00","dateModified":"2023-11-12T15:19:29+00:00","breadcrumb":{"@id":"https:\/\/www.bennunger-kc.de\/?page_id=624#breadcrumb"},"inLanguage":"de","potentialAction":[{"@type":"ReadAction","target":["https:\/\/www.bennunger-kc.de\/?page_id=624"]}]},{"@type":"BreadcrumbList","@id":"https:\/\/www.bennunger-kc.de\/?page_id=624#breadcrumb","itemListElement":[{"@type":"ListItem","position":1,"name":"Home","item":"https:\/\/www.bennunger-kc.de\/"},{"@type":"ListItem","position":2,"name":"Verein","item":"https:\/\/www.bennunger-kc.de\/?page_id=7"},{"@type":"ListItem","position":3,"name":"Prinzenpaare"}]},{"@type":"WebSite","@id":"https:\/\/www.bennunger-kc.de\/#website","url":"https:\/\/www.bennunger-kc.de\/","name":"Bennunger Karneval Club","description":"","potentialAction":[{"@type":"SearchAction","target":{"@type":"EntryPoint","urlTemplate":"https:\/\/www.bennunger-kc.de\/?s={search_term_string}"},"query-input":"required name=search_term_string"}],"inLanguage":"de"}]}},"_links":{"self":[{"href":"https:\/\/www.bennunger-kc.de\/index.php?rest_route=\/wp\/v2\/pages\/624"}],"collection":[{"href":"https:\/\/www.bennunger-kc.de\/index.php?rest_route=\/wp\/v2\/pages"}],"about":[{"href":"https:\/\/www.bennunger-kc.de\/index.php?rest_route=\/wp\/v2\/types\/page"}],"author":[{"embeddable":true,"href":"https:\/\/www.bennunger-kc.de\/index.php?rest_route=\/wp\/v2\/users\/1"}],"replies":[{"embeddable":true,"href":"https:\/\/www.bennunger-kc.de\/index.php?rest_route=%2Fwp%2Fv2%2Fcomments&post=624"}],"version-history":[{"count":20,"href":"https:\/\/www.bennunger-kc.de\/index.php?rest_route=\/wp\/v2\/pages\/624\/revisions"}],"predecessor-version":[{"id":7797,"href":"https:\/\/www.bennunger-kc.de\/index.php?rest_route=\/wp\/v2\/pages\/624\/revisions\/7797"}],"up":[{"embeddable":true,"href":"https:\/\/www.bennunger-kc.de\/index.php?rest_route=\/wp\/v2\/pages\/7"}],"wp:attachment":[{"href":"https:\/\/www.bennunger-kc.de\/index.php?rest_route=%2Fwp%2Fv2%2Fmedia&parent=624"}],"curies":[{"name":"wp","href":"https:\/\/api.w.org\/{rel}","templated":true}]}}